{"id":7,"date":"2021-01-26T18:01:46","date_gmt":"2021-01-26T18:01:46","guid":{"rendered":"https:\/\/www.seniorenakademie-seegemeinden.ch\/_temp\/?page_id=7"},"modified":"2026-07-28T08:44:50","modified_gmt":"2026-07-28T08:44:50","slug":"aktuell","status":"publish","type":"page","link":"https:\/\/seniorenakademie-seegemeinden.ch\/index.php\/aktuell\/","title":{"rendered":"Programm 2026"},"content":{"rendered":"\n<h1><strong>Fr\u00fchling- und Herbstsemester 2026<\/strong><\/h1>\n\n\n\n<p><\/p>\n\n\n\n<h2>Do 12. M\u00e4rz 2026, 17:30 Uhr,  Campus Hertenstein<\/h2>\n\n\n\n<p><\/p>\n\n\n\n<div class=\"wp-block-columns\">\n<div class=\"wp-block-column\" style=\"flex-basis:33.33%\">\n<div class=\"wp-block-columns\">\n<div class=\"wp-block-column\" style=\"flex-basis:100%\">\n<figure class=\"wp-block-image size-full is-style-rounded\"><img loading=\"lazy\" width=\"299\" height=\"300\" src=\"https:\/\/seniorenakademie-seegemeinden.ch\/wp-content\/uploads\/2026\/01\/Edwin-Eichler2-1.jpg\" alt=\"\" class=\"wp-image-728\" srcset=\"https:\/\/seniorenakademie-seegemeinden.ch\/wp-content\/uploads\/2026\/01\/Edwin-Eichler2-1.jpg 299w, https:\/\/seniorenakademie-seegemeinden.ch\/wp-content\/uploads\/2026\/01\/Edwin-Eichler2-1-150x150.jpg 150w\" sizes=\"(max-width: 299px) 100vw, 299px\" \/><\/figure>\n<\/div>\n<\/div>\n<\/div>\n\n\n\n<div class=\"wp-block-column\"><\/div>\n\n\n\n<div class=\"wp-block-column is-vertically-aligned-center\" style=\"flex-basis:66.66%\">\n<p><strong>Erwin Eichler, Weggis, SMS Stahl Group<\/strong><br>Wirtschaftliche De-Carbonisierung der industriellen Wertsch\u00f6pfungskette. Technologien und Innovationen.<\/p>\n\n\n\n<p><\/p>\n\n\n\n<p><a href=\"http:\/\/youtu.be\/38afEYbomGY\">Link zum Video<\/a><\/p>\n\n\n\n<p><\/p>\n<\/div>\n<\/div>\n\n\n\n<div class=\"wp-block-columns\">\n<div class=\"wp-block-column\" style=\"flex-basis:33.33%\">\n<div class=\"wp-block-columns\">\n<div class=\"wp-block-column\" style=\"flex-basis:100%\">\n<figure class=\"wp-block-image size-large is-style-rounded\"><img loading=\"lazy\" width=\"1024\" height=\"1018\" src=\"https:\/\/seniorenakademie-seegemeinden.ch\/wp-content\/uploads\/2026\/01\/Portraitfoto_Bruehwiler-1-1024x1018.jpg\" alt=\"\" class=\"wp-image-727\" srcset=\"https:\/\/seniorenakademie-seegemeinden.ch\/wp-content\/uploads\/2026\/01\/Portraitfoto_Bruehwiler-1-1024x1018.jpg 1024w, https:\/\/seniorenakademie-seegemeinden.ch\/wp-content\/uploads\/2026\/01\/Portraitfoto_Bruehwiler-1-300x298.jpg 300w, https:\/\/seniorenakademie-seegemeinden.ch\/wp-content\/uploads\/2026\/01\/Portraitfoto_Bruehwiler-1-150x150.jpg 150w, https:\/\/seniorenakademie-seegemeinden.ch\/wp-content\/uploads\/2026\/01\/Portraitfoto_Bruehwiler-1-768x763.jpg 768w, https:\/\/seniorenakademie-seegemeinden.ch\/wp-content\/uploads\/2026\/01\/Portraitfoto_Bruehwiler-1-1536x1527.jpg 1536w, https:\/\/seniorenakademie-seegemeinden.ch\/wp-content\/uploads\/2026\/01\/Portraitfoto_Bruehwiler-1-2048x2036.jpg 2048w\" sizes=\"(max-width: 1024px) 100vw, 1024px\" \/><\/figure>\n<\/div>\n<\/div>\n<\/div>\n\n\n\n<div class=\"wp-block-column\"><\/div>\n\n\n\n<div class=\"wp-block-column is-vertically-aligned-center\" style=\"flex-basis:66.66%\">\n<p><strong>Claudia Br\u00fchwiler, Frau Prof. HSG St. Gallen<\/strong><br>Kennen wir Trumps USA? Was Europa und die Schweiz erwartet.<\/p>\n\n\n\n<p><strong><a href=\"http:\/\/youtu.be\/Zp9xpqB8KtQ\">Link zum Video<\/a><\/strong><\/p>\n\n\n\n<p><\/p>\n<\/div>\n<\/div>\n\n\n\n<hr class=\"wp-block-separator\"\/>\n\n\n\n<div style=\"height:100px\" aria-hidden=\"true\" class=\"wp-block-spacer\"><\/div>\n\n\n\n<h2>Do 23. April 2026, 17:30 Uhr, Hotel Vitznauerhof<\/h2>\n\n\n\n<p><\/p>\n\n\n\n<div class=\"wp-block-columns\">\n<div class=\"wp-block-column\" style=\"flex-basis:33.33%\">\n<figure class=\"wp-block-image size-full is-style-rounded\"><img loading=\"lazy\" width=\"291\" height=\"290\" src=\"https:\/\/seniorenakademie-seegemeinden.ch\/wp-content\/uploads\/2026\/01\/Lukas-Gerig.jpg\" alt=\"\" class=\"wp-image-729\" srcset=\"https:\/\/seniorenakademie-seegemeinden.ch\/wp-content\/uploads\/2026\/01\/Lukas-Gerig.jpg 291w, https:\/\/seniorenakademie-seegemeinden.ch\/wp-content\/uploads\/2026\/01\/Lukas-Gerig-150x150.jpg 150w\" sizes=\"(max-width: 291px) 100vw, 291px\" \/><\/figure>\n<\/div>\n\n\n\n<div class=\"wp-block-column\"><\/div>\n\n\n\n<div class=\"wp-block-column is-vertically-aligned-center\" style=\"flex-basis:66.66%\">\n<p><\/p>\n\n\n\n<p><strong>Lukas Gerig, Betriebsf\u00f6rster<\/strong><\/p>\n\n\n\n<p>Der Schutzwald am Rigi muss gepflegt und bewirtschaftet werden.<\/p>\n\n\n\n<p><\/p>\n<\/div>\n<\/div>\n\n\n\n<div class=\"wp-block-columns\">\n<div class=\"wp-block-column\" style=\"flex-basis:33.33%\">\n<figure class=\"wp-block-image size-full is-style-rounded\"><img loading=\"lazy\" width=\"593\" height=\"597\" src=\"https:\/\/seniorenakademie-seegemeinden.ch\/wp-content\/uploads\/2026\/01\/Pius-Segmueller.jpg\" alt=\"\" class=\"wp-image-730\" srcset=\"https:\/\/seniorenakademie-seegemeinden.ch\/wp-content\/uploads\/2026\/01\/Pius-Segmueller.jpg 593w, https:\/\/seniorenakademie-seegemeinden.ch\/wp-content\/uploads\/2026\/01\/Pius-Segmueller-298x300.jpg 298w, https:\/\/seniorenakademie-seegemeinden.ch\/wp-content\/uploads\/2026\/01\/Pius-Segmueller-150x150.jpg 150w\" sizes=\"(max-width: 593px) 100vw, 593px\" \/><\/figure>\n<\/div>\n\n\n\n<div class=\"wp-block-column is-vertically-aligned-center\" style=\"flex-basis:66.66%\">\n<p><\/p>\n\n\n\n<p><strong>Pius Segm\u00fcller, Luzern, ex. Kommandant der Schweizergarde<\/strong><\/p>\n\n\n\n<p>Fakten und Erkenntnisse \u00fcber die drei P\u00e4pste: Johannes Paul II, Benedikt XVI und Franziskus<\/p>\n\n\n\n<p> <\/p>\n<\/div>\n<\/div>\n\n\n\n<hr class=\"wp-block-separator\"\/>\n\n\n\n<div style=\"height:100px\" aria-hidden=\"true\" class=\"wp-block-spacer\"><\/div>\n\n\n\n<h2>Do 21. Mai 2026, 17:30 Uhr, Gemeindesaal, Gersau<\/h2>\n\n\n\n<p><\/p>\n\n\n\n<div class=\"wp-block-columns\">\n<div class=\"wp-block-column\" style=\"flex-basis:33.33%\">\n<figure class=\"wp-block-image size-full is-style-rounded\"><img loading=\"lazy\" width=\"375\" height=\"377\" src=\"https:\/\/seniorenakademie-seegemeinden.ch\/wp-content\/uploads\/2026\/01\/Tanner_Marcel_2014_375x500.jpg\" alt=\"\" class=\"wp-image-731\" srcset=\"https:\/\/seniorenakademie-seegemeinden.ch\/wp-content\/uploads\/2026\/01\/Tanner_Marcel_2014_375x500.jpg 375w, https:\/\/seniorenakademie-seegemeinden.ch\/wp-content\/uploads\/2026\/01\/Tanner_Marcel_2014_375x500-298x300.jpg 298w, https:\/\/seniorenakademie-seegemeinden.ch\/wp-content\/uploads\/2026\/01\/Tanner_Marcel_2014_375x500-150x150.jpg 150w\" sizes=\"(max-width: 375px) 100vw, 375px\" \/><\/figure>\n<\/div>\n\n\n\n<div class=\"wp-block-column is-vertically-aligned-center\" style=\"flex-basis:66.66%\">\n<p><strong>Marcel Tanner, Prof. Dr. Akademie der Wissenschaften Schweiz<br><\/strong><\/p>\n\n\n\n<p>Die Bek\u00e4mpfung der Krankheiten, der Armut &#8211; das Unm\u00f6gliche m\u00f6glich machen.<\/p>\n<\/div>\n<\/div>\n\n\n\n<div class=\"wp-block-columns\">\n<div class=\"wp-block-column\" style=\"flex-basis:33.33%\"><\/div>\n\n\n\n<div class=\"wp-block-column is-vertically-aligned-center\" style=\"flex-basis:66.66%\">\n<p><\/p>\n\n\n\n<p><\/p>\n<\/div>\n<\/div>\n\n\n\n<hr class=\"wp-block-separator\"\/>\n\n\n\n<div style=\"height:100px\" aria-hidden=\"true\" class=\"wp-block-spacer\"><\/div>\n\n\n\n<h2>Do 25. Juni 2026, 17:30 Uhr, Campus Hertenstein<\/h2>\n\n\n\n<p><\/p>\n\n\n\n<div class=\"wp-block-columns\">\n<div class=\"wp-block-column\" style=\"flex-basis:33.33%\">\n<figure class=\"wp-block-image size-full is-resized is-style-rounded\"><img loading=\"lazy\" src=\"https:\/\/seniorenakademie-seegemeinden.ch\/wp-content\/uploads\/2026\/01\/Adi-Steiner.jpg\" alt=\"\" class=\"wp-image-734\" width=\"267\" height=\"266\" srcset=\"https:\/\/seniorenakademie-seegemeinden.ch\/wp-content\/uploads\/2026\/01\/Adi-Steiner.jpg 183w, https:\/\/seniorenakademie-seegemeinden.ch\/wp-content\/uploads\/2026\/01\/Adi-Steiner-150x150.jpg 150w\" sizes=\"(max-width: 267px) 100vw, 267px\" \/><\/figure>\n<\/div>\n\n\n\n<div class=\"wp-block-column is-vertically-aligned-center\" style=\"flex-basis:66.66%\">\n<p><strong>Adrian Steiner, Weggis, CEO Thermoplan AG<\/strong><\/p>\n\n\n\n<p>Krisen sind auch Chancen<\/p>\n\n\n\n<p><a href=\"https:\/\/www.youtube.com\/watch?v=LNMvCEAzfTU\">Link zum Video<\/a><\/p>\n\n\n\n<p><\/p>\n<\/div>\n<\/div>\n\n\n\n<div class=\"wp-block-columns\">\n<div class=\"wp-block-column\" style=\"flex-basis:33.33%\">\n<figure class=\"wp-block-image size-full is-resized is-style-rounded\"><img loading=\"lazy\" src=\"https:\/\/seniorenakademie-seegemeinden.ch\/wp-content\/uploads\/2026\/01\/IMG_9265.jpg\" alt=\"\" class=\"wp-image-750\" width=\"214\" height=\"284\" srcset=\"https:\/\/seniorenakademie-seegemeinden.ch\/wp-content\/uploads\/2026\/01\/IMG_9265.jpg 434w, https:\/\/seniorenakademie-seegemeinden.ch\/wp-content\/uploads\/2026\/01\/IMG_9265-225x300.jpg 225w\" sizes=\"(max-width: 214px) 100vw, 214px\" \/><\/figure>\n<\/div>\n\n\n\n<div class=\"wp-block-column is-vertically-aligned-center\" style=\"flex-basis:66.66%\">\n<p><strong>Thomas R\u00fchl,  Leiter Research\/Chief Investment Officer Schwyzer Kantonalbank<\/strong><\/p>\n\n\n\n<p>Globalisierung im Gegenwind<\/p>\n\n\n\n<p><\/p>\n\n\n\n<p><\/p>\n<\/div>\n<\/div>\n\n\n\n<hr class=\"wp-block-separator\"\/>\n\n\n\n<div style=\"height:100px\" aria-hidden=\"true\" class=\"wp-block-spacer\"><\/div>\n\n\n\n<h2>Do 20. August 2026, 17:30 Uhr, Campus Hotel Hertenstein<\/h2>\n\n\n\n<p><strong><strong><strong><strong><strong><strong> <\/strong><\/strong><\/strong><\/strong><\/strong><\/strong><\/p>\n\n\n\n<div class=\"wp-block-columns\">\n<div class=\"wp-block-column\" style=\"flex-basis:33.33%\">\n<figure class=\"wp-block-image size-large\"><img loading=\"lazy\" width=\"1024\" height=\"1010\" src=\"https:\/\/seniorenakademie-seegemeinden.ch\/wp-content\/uploads\/2026\/07\/IMG_04141-Kopie-1024x1010.jpg\" alt=\"\" class=\"wp-image-788\" srcset=\"https:\/\/seniorenakademie-seegemeinden.ch\/wp-content\/uploads\/2026\/07\/IMG_04141-Kopie-1024x1010.jpg 1024w, https:\/\/seniorenakademie-seegemeinden.ch\/wp-content\/uploads\/2026\/07\/IMG_04141-Kopie-300x296.jpg 300w, https:\/\/seniorenakademie-seegemeinden.ch\/wp-content\/uploads\/2026\/07\/IMG_04141-Kopie-768x757.jpg 768w, https:\/\/seniorenakademie-seegemeinden.ch\/wp-content\/uploads\/2026\/07\/IMG_04141-Kopie.jpg 1085w\" sizes=\"(max-width: 1024px) 100vw, 1024px\" \/><\/figure>\n\n\n\n<figure class=\"wp-block-image size-full\"><img loading=\"lazy\" width=\"678\" height=\"728\" src=\"https:\/\/seniorenakademie-seegemeinden.ch\/wp-content\/uploads\/2026\/07\/IMG_0415.png\" alt=\"\" class=\"wp-image-794\" srcset=\"https:\/\/seniorenakademie-seegemeinden.ch\/wp-content\/uploads\/2026\/07\/IMG_0415.png 678w, https:\/\/seniorenakademie-seegemeinden.ch\/wp-content\/uploads\/2026\/07\/IMG_0415-279x300.png 279w\" sizes=\"(max-width: 678px) 100vw, 678px\" \/><\/figure>\n\n\n\n<div class=\"wp-block-file\"><a href=\"https:\/\/seniorenakademie-seegemeinden.ch\/wp-content\/uploads\/2026\/07\/IMG_0419.heic\" class=\"wp-block-file__button\" download><\/a><\/div>\n\n\n\n<figure class=\"wp-block-image size-large\"><img loading=\"lazy\" width=\"975\" height=\"1024\" src=\"https:\/\/seniorenakademie-seegemeinden.ch\/wp-content\/uploads\/2026\/07\/IMG_04201-975x1024.jpg\" alt=\"\" class=\"wp-image-790\" srcset=\"https:\/\/seniorenakademie-seegemeinden.ch\/wp-content\/uploads\/2026\/07\/IMG_04201-975x1024.jpg 975w, https:\/\/seniorenakademie-seegemeinden.ch\/wp-content\/uploads\/2026\/07\/IMG_04201-286x300.jpg 286w, https:\/\/seniorenakademie-seegemeinden.ch\/wp-content\/uploads\/2026\/07\/IMG_04201-768x806.jpg 768w, https:\/\/seniorenakademie-seegemeinden.ch\/wp-content\/uploads\/2026\/07\/IMG_04201-1463x1536.jpg 1463w, https:\/\/seniorenakademie-seegemeinden.ch\/wp-content\/uploads\/2026\/07\/IMG_04201-1950x2048.jpg 1950w, https:\/\/seniorenakademie-seegemeinden.ch\/wp-content\/uploads\/2026\/07\/IMG_04201.jpg 1999w\" sizes=\"(max-width: 975px) 100vw, 975px\" \/><\/figure>\n<\/div>\n\n\n\n<div class=\"wp-block-column is-vertically-aligned-center\" style=\"flex-basis:66.66%\">\n<p><strong>10 Jahre SeniorenAkademie Seegemeinden<\/strong><\/p>\n\n\n\n<p>Peter P\u00fchringer, <\/p>\n\n\n\n<p>Prof. Dr. Andreas Luft, <\/p>\n\n\n\n<p>Dr. Armin Hartmann, Regierungsratspr\u00e4sident<\/p>\n\n\n\n<p><\/p>\n\n\n\n<p><\/p>\n<\/div>\n<\/div>\n\n\n\n<div class=\"wp-block-columns\">\n<div class=\"wp-block-column\" style=\"flex-basis:33.33%\"><\/div>\n\n\n\n<div class=\"wp-block-column is-vertically-aligned-center\" style=\"flex-basis:66.66%\">\n<p><\/p>\n<\/div>\n<\/div>\n\n\n\n<hr class=\"wp-block-separator\"\/>\n\n\n\n<div style=\"height:100px\" aria-hidden=\"true\" class=\"wp-block-spacer\"><\/div>\n\n\n\n<h2>Do 10. September 2026, 17:30 Uhr, Campus Hotel Hertenstein <\/h2>\n\n\n\n<p><strong><strong><strong><strong><strong><strong> <\/strong><\/strong><\/strong><\/strong><\/strong><\/strong><\/p>\n\n\n\n<div class=\"wp-block-columns\">\n<div class=\"wp-block-column\" style=\"flex-basis:33.33%\">\n<figure class=\"wp-block-image size-full is-style-rounded\"><img loading=\"lazy\" width=\"720\" height=\"720\" src=\"https:\/\/seniorenakademie-seegemeinden.ch\/wp-content\/uploads\/2026\/01\/thomas-schuerch.jpg\" alt=\"\" class=\"wp-image-737\" srcset=\"https:\/\/seniorenakademie-seegemeinden.ch\/wp-content\/uploads\/2026\/01\/thomas-schuerch.jpg 720w, https:\/\/seniorenakademie-seegemeinden.ch\/wp-content\/uploads\/2026\/01\/thomas-schuerch-300x300.jpg 300w, https:\/\/seniorenakademie-seegemeinden.ch\/wp-content\/uploads\/2026\/01\/thomas-schuerch-150x150.jpg 150w\" sizes=\"(max-width: 720px) 100vw, 720px\" \/><\/figure>\n<\/div>\n\n\n\n<div class=\"wp-block-column is-vertically-aligned-center\" style=\"flex-basis:66.66%\">\n<p><strong>Thomas Sch\u00fcrch, Vitznau, Stiftung Hofmatt<\/strong><\/p>\n\n\n\n<p>Stiftung APW Hofmatt, gestern &#8211; heute &#8211; morgen.<\/p>\n<\/div>\n<\/div>\n\n\n\n<div class=\"wp-block-columns\">\n<div class=\"wp-block-column\" style=\"flex-basis:33.33%\">\n<figure class=\"wp-block-image size-full is-style-rounded\"><img loading=\"lazy\" width=\"639\" height=\"642\" src=\"https:\/\/seniorenakademie-seegemeinden.ch\/wp-content\/uploads\/2026\/01\/thomas-bucheli.jpg\" alt=\"\" class=\"wp-image-738\" srcset=\"https:\/\/seniorenakademie-seegemeinden.ch\/wp-content\/uploads\/2026\/01\/thomas-bucheli.jpg 639w, https:\/\/seniorenakademie-seegemeinden.ch\/wp-content\/uploads\/2026\/01\/thomas-bucheli-300x300.jpg 300w, https:\/\/seniorenakademie-seegemeinden.ch\/wp-content\/uploads\/2026\/01\/thomas-bucheli-150x150.jpg 150w\" sizes=\"(max-width: 639px) 100vw, 639px\" \/><\/figure>\n<\/div>\n\n\n\n<div class=\"wp-block-column is-vertically-aligned-center\" style=\"flex-basis:66.66%\">\n<p><strong>Thomas Bucheli, Hitzkirch, SRG Wetter Chef im Ruhestand<\/strong><\/p>\n\n\n\n<p>Die Bedeutung des Wetters f\u00fcr die (hochstehende) Literatur<\/p>\n\n\n\n<p><\/p>\n\n\n\n<p><\/p>\n<\/div>\n<\/div>\n\n\n\n<hr class=\"wp-block-separator\"\/>\n\n\n\n<div style=\"height:100px\" aria-hidden=\"true\" class=\"wp-block-spacer\"><\/div>\n\n\n\n<h2>Do 22. Oktober 2026, 17:30 Uhr,  Hotel Vitznauerhof<\/h2>\n\n\n\n<p><strong><strong><strong><strong><strong><strong> <\/strong><\/strong><\/strong><\/strong><\/strong><\/strong><\/p>\n\n\n\n<div class=\"wp-block-columns\">\n<div class=\"wp-block-column\" style=\"flex-basis:33.33%\">\n<figure class=\"wp-block-image size-full is-style-rounded\"><img loading=\"lazy\" width=\"690\" height=\"692\" src=\"https:\/\/seniorenakademie-seegemeinden.ch\/wp-content\/uploads\/2026\/01\/Friedrich-Roethlisberger.jpg\" alt=\"\" class=\"wp-image-739\" srcset=\"https:\/\/seniorenakademie-seegemeinden.ch\/wp-content\/uploads\/2026\/01\/Friedrich-Roethlisberger.jpg 690w, https:\/\/seniorenakademie-seegemeinden.ch\/wp-content\/uploads\/2026\/01\/Friedrich-Roethlisberger-300x300.jpg 300w, https:\/\/seniorenakademie-seegemeinden.ch\/wp-content\/uploads\/2026\/01\/Friedrich-Roethlisberger-150x150.jpg 150w\" sizes=\"(max-width: 690px) 100vw, 690px\" \/><\/figure>\n<\/div>\n\n\n\n<div class=\"wp-block-column is-vertically-aligned-center\" style=\"flex-basis:66.66%\">\n<p><strong>Fridrich R\u00f6thlisberger Dr. phil., Klimaforscher<\/strong><\/p>\n\n\n\n<p>Klimaerw\u00e4rmung und CO2 &#8211; Wahrheit oder L\u00fcge?<\/p>\n<\/div>\n<\/div>\n\n\n\n<div class=\"wp-block-columns\">\n<div class=\"wp-block-column\" style=\"flex-basis:33.33%\"><\/div>\n\n\n\n<div class=\"wp-block-column is-vertically-aligned-center\" style=\"flex-basis:66.66%\">\n<p><strong>Lutz Nocinsky, Historisches Archiv Weggis<\/strong><\/p>\n\n\n\n<p>Geschichten und Geschichte des Vierwaldst\u00e4ttersees und Karte 1645 &#8211; wie der Luzerner Leopold Cysat unsere D\u00f6rfer zeichnet und beschreibt.<\/p>\n<\/div>\n<\/div>\n\n\n\n<h2> <\/h2>\n\n\n\n<p><strong><strong><strong><strong><strong><strong> <\/strong><\/strong><\/strong><\/strong><\/strong><\/strong><\/p>\n\n\n\n<div class=\"wp-block-columns\">\n<div class=\"wp-block-column\" style=\"flex-basis:33.33%\"><\/div>\n\n\n\n<div class=\"wp-block-column is-vertically-aligned-center\" style=\"flex-basis:66.66%\">\n<p><\/p>\n\n\n\n<p><\/p>\n<\/div>\n<\/div>\n\n\n\n<h2>Do 26. November 2026, 17:30 Uhr, Campus Hotel Hertenstein <\/h2>\n\n\n\n<p><strong><strong><strong><strong><strong><strong> <\/strong><\/strong><\/strong><\/strong><\/strong><\/strong><\/p>\n\n\n\n<div class=\"wp-block-columns\">\n<div class=\"wp-block-column\" style=\"flex-basis:33.33%\">\n<figure class=\"wp-block-image size-large is-style-rounded\"><img loading=\"lazy\" width=\"1024\" height=\"1024\" src=\"https:\/\/seniorenakademie-seegemeinden.ch\/wp-content\/uploads\/2026\/01\/Kirchschlaeger_Peter_Q-1024x1024.jpg\" alt=\"\" class=\"wp-image-740\" srcset=\"https:\/\/seniorenakademie-seegemeinden.ch\/wp-content\/uploads\/2026\/01\/Kirchschlaeger_Peter_Q-1024x1024.jpg 1024w, https:\/\/seniorenakademie-seegemeinden.ch\/wp-content\/uploads\/2026\/01\/Kirchschlaeger_Peter_Q-300x300.jpg 300w, https:\/\/seniorenakademie-seegemeinden.ch\/wp-content\/uploads\/2026\/01\/Kirchschlaeger_Peter_Q-150x150.jpg 150w, https:\/\/seniorenakademie-seegemeinden.ch\/wp-content\/uploads\/2026\/01\/Kirchschlaeger_Peter_Q-768x768.jpg 768w, https:\/\/seniorenakademie-seegemeinden.ch\/wp-content\/uploads\/2026\/01\/Kirchschlaeger_Peter_Q-1536x1536.jpg 1536w, https:\/\/seniorenakademie-seegemeinden.ch\/wp-content\/uploads\/2026\/01\/Kirchschlaeger_Peter_Q.jpg 1787w\" sizes=\"(max-width: 1024px) 100vw, 1024px\" \/><\/figure>\n<\/div>\n\n\n\n<div class=\"wp-block-column is-vertically-aligned-center\" style=\"flex-basis:66.66%\">\n<p><strong>Peter Kirchschl\u00e4ger, Prof. Dr. theol. UNILuzern<\/strong><\/p>\n\n\n\n<p>KI in Medizin und Pflege aus ethischer Sicht.<\/p>\n<\/div>\n<\/div>\n\n\n\n<div class=\"wp-block-columns\">\n<div class=\"wp-block-column\" style=\"flex-basis:33.33%\">\n<figure class=\"wp-block-image size-full is-style-rounded\"><img loading=\"lazy\" width=\"482\" height=\"485\" src=\"https:\/\/seniorenakademie-seegemeinden.ch\/wp-content\/uploads\/2026\/01\/thiel.jpg\" alt=\"\" class=\"wp-image-741\" srcset=\"https:\/\/seniorenakademie-seegemeinden.ch\/wp-content\/uploads\/2026\/01\/thiel.jpg 482w, https:\/\/seniorenakademie-seegemeinden.ch\/wp-content\/uploads\/2026\/01\/thiel-298x300.jpg 298w, https:\/\/seniorenakademie-seegemeinden.ch\/wp-content\/uploads\/2026\/01\/thiel-150x150.jpg 150w\" sizes=\"(max-width: 482px) 100vw, 482px\" \/><\/figure>\n<\/div>\n\n\n\n<div class=\"wp-block-column is-vertically-aligned-center\" style=\"flex-basis:66.66%\">\n<p><strong>Andreas Thiel, Autor, Satiriker, K\u00fcssnacht<\/strong><\/p>\n\n\n\n<p>Unterschied zwischen Recht oder Gerechtigkeit<\/p>\n\n\n\n<p><\/p>\n\n\n\n<p><\/p>\n<\/div>\n<\/div>\n","protected":false},"excerpt":{"rendered":"<p>Fr\u00fchling- und Herbstsemester 2026 Do 12. M\u00e4rz 2026, 17:30 Uhr, Campus Hertenstein Erwin Eichler, Weggis, SMS Stahl GroupWirtschaftliche De-Carbonisierung der industriellen Wertsch\u00f6pfungskette. Technologien und Innovationen. Link zum Video Claudia Br\u00fchwiler, Frau Prof. HSG St. GallenKennen wir Trumps USA? Was Europa und die Schweiz erwartet. Link zum Video Do 23. April 2026, 17:30 Uhr, Hotel Vitznauerhof [&hellip;]<\/p>\n","protected":false},"author":1,"featured_media":44,"parent":0,"menu_order":2,"comment_status":"closed","ping_status":"closed","template":"","meta":{"inline_featured_image":false},"yoast_head":"<!-- This site is optimized with the Yoast SEO plugin v19.0 - https:\/\/yoast.com\/wordpress\/plugins\/seo\/ -->\n<title>Programm 2026 | SeniorenAkademie Seegemeinden<\/title>\n<meta name=\"robots\" content=\"index, follow, max-snippet:-1, max-image-preview:large, max-video-preview:-1\" \/>\n<link rel=\"canonical\" href=\"https:\/\/seniorenakademie-seegemeinden.ch\/index.php\/aktuell\/\" \/>\n<meta property=\"og:locale\" content=\"de_DE\" \/>\n<meta property=\"og:type\" content=\"article\" \/>\n<meta property=\"og:title\" content=\"Programm 2026 | SeniorenAkademie Seegemeinden\" \/>\n<meta property=\"og:description\" content=\"Fr\u00fchling- und Herbstsemester 2026 Do 12. M\u00e4rz 2026, 17:30 Uhr, Campus Hertenstein Erwin Eichler, Weggis, SMS Stahl GroupWirtschaftliche De-Carbonisierung der industriellen Wertsch\u00f6pfungskette. Technologien und Innovationen. Link zum Video Claudia Br\u00fchwiler, Frau Prof. HSG St. GallenKennen wir Trumps USA? Was Europa und die Schweiz erwartet. Link zum Video Do 23. April 2026, 17:30 Uhr, Hotel Vitznauerhof [&hellip;]\" \/>\n<meta property=\"og:url\" content=\"https:\/\/seniorenakademie-seegemeinden.ch\/index.php\/aktuell\/\" \/>\n<meta property=\"og:site_name\" content=\"SeniorenAkademie Seegemeinden\" \/>\n<meta property=\"article:modified_time\" content=\"2026-07-28T08:44:50+00:00\" \/>\n<meta property=\"og:image\" content=\"https:\/\/seniorenakademie-seegemeinden.ch\/wp-content\/uploads\/2021\/02\/DSCN0492-scaled.jpg\" \/>\n\t<meta property=\"og:image:width\" content=\"2560\" \/>\n\t<meta property=\"og:image:height\" content=\"1920\" \/>\n\t<meta property=\"og:image:type\" content=\"image\/jpeg\" \/>\n<meta name=\"twitter:card\" content=\"summary_large_image\" \/>\n<meta name=\"twitter:label1\" content=\"Est. reading time\" \/>\n\t<meta name=\"twitter:data1\" content=\"5 Minuten\" \/>\n<script type=\"application\/ld+json\" class=\"yoast-schema-graph\">{\"@context\":\"https:\/\/schema.org\",\"@graph\":[{\"@type\":\"Organization\",\"@id\":\"https:\/\/seniorenakademie-seegemeinden.ch\/#organization\",\"name\":\"SeniorenAkademie Seegemeinden\",\"url\":\"https:\/\/seniorenakademie-seegemeinden.ch\/\",\"sameAs\":[],\"logo\":{\"@type\":\"ImageObject\",\"inLanguage\":\"de-CH\",\"@id\":\"https:\/\/seniorenakademie-seegemeinden.ch\/#\/schema\/logo\/image\/\",\"url\":\"https:\/\/seniorenakademie-seegemeinden.ch\/wp-content\/uploads\/2021\/08\/logo_seniorenakademie_seegemeinden.svg\",\"contentUrl\":\"https:\/\/seniorenakademie-seegemeinden.ch\/wp-content\/uploads\/2021\/08\/logo_seniorenakademie_seegemeinden.svg\",\"width\":\"1024\",\"height\":\"1024\",\"caption\":\"SeniorenAkademie Seegemeinden\"},\"image\":{\"@id\":\"https:\/\/seniorenakademie-seegemeinden.ch\/#\/schema\/logo\/image\/\"}},{\"@type\":\"WebSite\",\"@id\":\"https:\/\/seniorenakademie-seegemeinden.ch\/#website\",\"url\":\"https:\/\/seniorenakademie-seegemeinden.ch\/\",\"name\":\"SeniorenAkademie Seegemeinden\",\"description\":\"Just another WordPress site\",\"publisher\":{\"@id\":\"https:\/\/seniorenakademie-seegemeinden.ch\/#organization\"},\"potentialAction\":[{\"@type\":\"SearchAction\",\"target\":{\"@type\":\"EntryPoint\",\"urlTemplate\":\"https:\/\/seniorenakademie-seegemeinden.ch\/?s={search_term_string}\"},\"query-input\":\"required name=search_term_string\"}],\"inLanguage\":\"de-CH\"},{\"@type\":\"ImageObject\",\"inLanguage\":\"de-CH\",\"@id\":\"https:\/\/seniorenakademie-seegemeinden.ch\/index.php\/aktuell\/#primaryimage\",\"url\":\"https:\/\/seniorenakademie-seegemeinden.ch\/wp-content\/uploads\/2021\/02\/DSCN0492-scaled.jpg\",\"contentUrl\":\"https:\/\/seniorenakademie-seegemeinden.ch\/wp-content\/uploads\/2021\/02\/DSCN0492-scaled.jpg\",\"width\":2560,\"height\":1920},{\"@type\":\"WebPage\",\"@id\":\"https:\/\/seniorenakademie-seegemeinden.ch\/index.php\/aktuell\/#webpage\",\"url\":\"https:\/\/seniorenakademie-seegemeinden.ch\/index.php\/aktuell\/\",\"name\":\"Programm 2026 | SeniorenAkademie Seegemeinden\",\"isPartOf\":{\"@id\":\"https:\/\/seniorenakademie-seegemeinden.ch\/#website\"},\"primaryImageOfPage\":{\"@id\":\"https:\/\/seniorenakademie-seegemeinden.ch\/index.php\/aktuell\/#primaryimage\"},\"datePublished\":\"2021-01-26T18:01:46+00:00\",\"dateModified\":\"2026-07-28T08:44:50+00:00\",\"breadcrumb\":{\"@id\":\"https:\/\/seniorenakademie-seegemeinden.ch\/index.php\/aktuell\/#breadcrumb\"},\"inLanguage\":\"de-CH\",\"potentialAction\":[{\"@type\":\"ReadAction\",\"target\":[\"https:\/\/seniorenakademie-seegemeinden.ch\/index.php\/aktuell\/\"]}]},{\"@type\":\"BreadcrumbList\",\"@id\":\"https:\/\/seniorenakademie-seegemeinden.ch\/index.php\/aktuell\/#breadcrumb\",\"itemListElement\":[{\"@type\":\"ListItem\",\"position\":1,\"name\":\"Home\",\"item\":\"https:\/\/seniorenakademie-seegemeinden.ch\/\"},{\"@type\":\"ListItem\",\"position\":2,\"name\":\"Programm 2026\"}]}]}<\/script>\n<!-- \/ Yoast SEO plugin. -->","yoast_head_json":{"title":"Programm 2026 | SeniorenAkademie Seegemeinden","robots":{"index":"index","follow":"follow","max-snippet":"max-snippet:-1","max-image-preview":"max-image-preview:large","max-video-preview":"max-video-preview:-1"},"canonical":"https:\/\/seniorenakademie-seegemeinden.ch\/index.php\/aktuell\/","og_locale":"de_DE","og_type":"article","og_title":"Programm 2026 | SeniorenAkademie Seegemeinden","og_description":"Fr\u00fchling- und Herbstsemester 2026 Do 12. M\u00e4rz 2026, 17:30 Uhr, Campus Hertenstein Erwin Eichler, Weggis, SMS Stahl GroupWirtschaftliche De-Carbonisierung der industriellen Wertsch\u00f6pfungskette. Technologien und Innovationen. Link zum Video Claudia Br\u00fchwiler, Frau Prof. HSG St. GallenKennen wir Trumps USA? Was Europa und die Schweiz erwartet. Link zum Video Do 23. April 2026, 17:30 Uhr, Hotel Vitznauerhof [&hellip;]","og_url":"https:\/\/seniorenakademie-seegemeinden.ch\/index.php\/aktuell\/","og_site_name":"SeniorenAkademie Seegemeinden","article_modified_time":"2026-07-28T08:44:50+00:00","og_image":[{"width":2560,"height":1920,"url":"https:\/\/seniorenakademie-seegemeinden.ch\/wp-content\/uploads\/2021\/02\/DSCN0492-scaled.jpg","type":"image\/jpeg"}],"twitter_card":"summary_large_image","twitter_misc":{"Est. reading time":"5 Minuten"},"schema":{"@context":"https:\/\/schema.org","@graph":[{"@type":"Organization","@id":"https:\/\/seniorenakademie-seegemeinden.ch\/#organization","name":"SeniorenAkademie Seegemeinden","url":"https:\/\/seniorenakademie-seegemeinden.ch\/","sameAs":[],"logo":{"@type":"ImageObject","inLanguage":"de-CH","@id":"https:\/\/seniorenakademie-seegemeinden.ch\/#\/schema\/logo\/image\/","url":"https:\/\/seniorenakademie-seegemeinden.ch\/wp-content\/uploads\/2021\/08\/logo_seniorenakademie_seegemeinden.svg","contentUrl":"https:\/\/seniorenakademie-seegemeinden.ch\/wp-content\/uploads\/2021\/08\/logo_seniorenakademie_seegemeinden.svg","width":"1024","height":"1024","caption":"SeniorenAkademie Seegemeinden"},"image":{"@id":"https:\/\/seniorenakademie-seegemeinden.ch\/#\/schema\/logo\/image\/"}},{"@type":"WebSite","@id":"https:\/\/seniorenakademie-seegemeinden.ch\/#website","url":"https:\/\/seniorenakademie-seegemeinden.ch\/","name":"SeniorenAkademie Seegemeinden","description":"Just another WordPress site","publisher":{"@id":"https:\/\/seniorenakademie-seegemeinden.ch\/#organization"},"potentialAction":[{"@type":"SearchAction","target":{"@type":"EntryPoint","urlTemplate":"https:\/\/seniorenakademie-seegemeinden.ch\/?s={search_term_string}"},"query-input":"required name=search_term_string"}],"inLanguage":"de-CH"},{"@type":"ImageObject","inLanguage":"de-CH","@id":"https:\/\/seniorenakademie-seegemeinden.ch\/index.php\/aktuell\/#primaryimage","url":"https:\/\/seniorenakademie-seegemeinden.ch\/wp-content\/uploads\/2021\/02\/DSCN0492-scaled.jpg","contentUrl":"https:\/\/seniorenakademie-seegemeinden.ch\/wp-content\/uploads\/2021\/02\/DSCN0492-scaled.jpg","width":2560,"height":1920},{"@type":"WebPage","@id":"https:\/\/seniorenakademie-seegemeinden.ch\/index.php\/aktuell\/#webpage","url":"https:\/\/seniorenakademie-seegemeinden.ch\/index.php\/aktuell\/","name":"Programm 2026 | SeniorenAkademie Seegemeinden","isPartOf":{"@id":"https:\/\/seniorenakademie-seegemeinden.ch\/#website"},"primaryImageOfPage":{"@id":"https:\/\/seniorenakademie-seegemeinden.ch\/index.php\/aktuell\/#primaryimage"},"datePublished":"2021-01-26T18:01:46+00:00","dateModified":"2026-07-28T08:44:50+00:00","breadcrumb":{"@id":"https:\/\/seniorenakademie-seegemeinden.ch\/index.php\/aktuell\/#breadcrumb"},"inLanguage":"de-CH","potentialAction":[{"@type":"ReadAction","target":["https:\/\/seniorenakademie-seegemeinden.ch\/index.php\/aktuell\/"]}]},{"@type":"BreadcrumbList","@id":"https:\/\/seniorenakademie-seegemeinden.ch\/index.php\/aktuell\/#breadcrumb","itemListElement":[{"@type":"ListItem","position":1,"name":"Home","item":"https:\/\/seniorenakademie-seegemeinden.ch\/"},{"@type":"ListItem","position":2,"name":"Programm 2026"}]}]}},"_links":{"self":[{"href":"https:\/\/seniorenakademie-seegemeinden.ch\/index.php\/wp-json\/wp\/v2\/pages\/7"}],"collection":[{"href":"https:\/\/seniorenakademie-seegemeinden.ch\/index.php\/wp-json\/wp\/v2\/pages"}],"about":[{"href":"https:\/\/seniorenakademie-seegemeinden.ch\/index.php\/wp-json\/wp\/v2\/types\/page"}],"author":[{"embeddable":true,"href":"https:\/\/seniorenakademie-seegemeinden.ch\/index.php\/wp-json\/wp\/v2\/users\/1"}],"replies":[{"embeddable":true,"href":"https:\/\/seniorenakademie-seegemeinden.ch\/index.php\/wp-json\/wp\/v2\/comments?post=7"}],"version-history":[{"count":127,"href":"https:\/\/seniorenakademie-seegemeinden.ch\/index.php\/wp-json\/wp\/v2\/pages\/7\/revisions"}],"predecessor-version":[{"id":795,"href":"https:\/\/seniorenakademie-seegemeinden.ch\/index.php\/wp-json\/wp\/v2\/pages\/7\/revisions\/795"}],"wp:featuredmedia":[{"embeddable":true,"href":"https:\/\/seniorenakademie-seegemeinden.ch\/index.php\/wp-json\/wp\/v2\/media\/44"}],"wp:attachment":[{"href":"https:\/\/seniorenakademie-seegemeinden.ch\/index.php\/wp-json\/wp\/v2\/media?parent=7"}],"curies":[{"name":"wp","href":"https:\/\/api.w.org\/{rel}","templated":true}]}}